{"id":2,"date":"2018-12-03T19:37:32","date_gmt":"2018-12-03T19:37:32","guid":{"rendered":"http:\/\/podiumgorter.nl\/?page_id=2"},"modified":"2026-04-21T09:10:06","modified_gmt":"2026-04-21T09:10:06","slug":"voorbeeld-pagina","status":"publish","type":"page","link":"https:\/\/podiumgorter.nl\/","title":{"rendered":"Podium Gorter"},"content":{"rendered":"<p>[et_pb_section fb_built=&#8221;1&#8243; _builder_version=&#8221;4.27.4&#8243; background_color=&#8221;#000000&#8243; global_colors_info=&#8221;{}&#8221;][et_pb_row _builder_version=&#8221;4.27.4&#8243; global_colors_info=&#8221;{}&#8221;][et_pb_column type=&#8221;4_4&#8243; _builder_version=&#8221;4.16&#8243; global_colors_info=&#8221;{}&#8221;][et_pb_text _builder_version=&#8221;4.27.6&#8243; global_colors_info=&#8221;{}&#8221;]<\/p>\n<h1 style=\"text-align: center;\"><span style=\"color: #00ffff;\"><strong><br \/>Programma 2026-2027 is in de maak!\u00a0\u00a0<\/strong><\/span><\/h1>\n<p>&nbsp;<\/p>\n<p style=\"text-align: center;\"><span style=\"color: #00ffff;\"><strong>Wilt u op de hoogte gehouden worden?<br \/>Stuur een mailtje naar: <a style=\"color: #00ffff;\" href=\"mailto:podiumgorter@hotmail.com\">podiumgorter@hotmail.com<\/a><br \/>Vervolgens ontvangt u onze nieuwsbrieven via de mail<\/strong><\/span><\/p>\n<p>&nbsp;<\/p>\n<p>[\/et_pb_text][\/et_pb_column][\/et_pb_row][\/et_pb_section][et_pb_section fb_built=&#8221;1&#8243; disabled_on=&#8221;off|off|off&#8221; _builder_version=&#8221;4.27.4&#8243; _module_preset=&#8221;default&#8221; background_color=&#8221;#E02B20&#8243; background_image=&#8221;http:\/\/podiumgorter.nl\/wp-content\/uploads\/2019\/01\/background-gorter-website.jpg&#8221; background_blend=&#8221;multiply&#8221; filter_saturate=&#8221;70%&#8221; filter_brightness=&#8221;151%&#8221; filter_contrast=&#8221;141%&#8221; locked=&#8221;off&#8221; global_colors_info=&#8221;{}&#8221;][\/et_pb_section][et_pb_section fb_built=&#8221;1&#8243; fullwidth=&#8221;on&#8221; admin_label=&#8221;programma&#8221; _builder_version=&#8221;4.16&#8243; background_color=&#8221;#000000&#8243; parallax=&#8221;on&#8221; global_colors_info=&#8221;{}&#8221;][et_pb_fullwidth_portfolio title=&#8221;Voorstellingen die geweest zijn&#8221; include_categories=&#8221;14&#8243; posts_number=&#8221;35&#8243; show_date=&#8221;off&#8221; admin_label=&#8221;programma&#8221; _builder_version=&#8221;4.16&#8243; background_color=&#8221;#000000&#8243; background_layout=&#8221;dark&#8221; auto=&#8221;on&#8221; global_colors_info=&#8221;{}&#8221;][\/et_pb_fullwidth_portfolio][\/et_pb_section][et_pb_section fb_built=&#8221;1&#8243; _builder_version=&#8221;4.16&#8243; background_image=&#8221;https:\/\/podiumgorter.nl\/wp-content\/uploads\/2019\/01\/valentino-funghi-146040-unsplash.jpg&#8221; parallax=&#8221;on&#8221; global_colors_info=&#8221;{}&#8221;][et_pb_row _builder_version=&#8221;4.16&#8243; background_size=&#8221;initial&#8221; background_position=&#8221;top_left&#8221; background_repeat=&#8221;repeat&#8221; global_colors_info=&#8221;{}&#8221;][et_pb_column type=&#8221;4_4&#8243; _builder_version=&#8221;4.16&#8243; global_colors_info=&#8221;{}&#8221;][et_pb_text _builder_version=&#8221;4.16&#8243; text_font=&#8221;Roboto||||||||&#8221; text_text_color=&#8221;#ffffff&#8221; text_line_height=&#8221;1.8em&#8221; background_color=&#8221;#000000&#8243; width=&#8221;58%&#8221; custom_margin=&#8221;0px||&#8221; custom_padding=&#8221;54px|20px||20px&#8221; global_colors_info=&#8221;{}&#8221;]<\/p>\n<p style=\"padding-left: 60px;\"><strong>Even Voorstellen<\/strong><\/p>\n<p>In mei 2016 is <strong>Stichting Podium Gorter<\/strong> opgericht door een groep enthousiaste mensen. Het idee om deze stichting op te richten ontstond tijdens de opening van een grondig gerenoveerde Doopsgezinde kerk aan de Raadhuisstraat in Balk.<\/p>\n<p>Kosten noch moeite zijn gespaard om de kerk prachtig op te knappen en ervoor te zorgen dat deze blijft behouden voor het historische centrum van Balk. Aan deze kerk is een bijzonder verhaal verbonden. In een grijs verleden was Douwe Gorter predikant aan deze kerk. Douwe was de grootvader van de bekende dichter Herman Gorter.<\/p>\n<p>Wie kent niet de eerste regel van zijn gedicht &#8216;Mei: <em>&#8220;een nieuwe lente een nieuw geluid&#8221;.<\/em><\/p>\n<p>&nbsp;<br \/>\n[\/et_pb_text][\/et_pb_column][\/et_pb_row][et_pb_row column_structure=&#8221;3_4,1_4&#8243; _builder_version=&#8221;4.16&#8243; background_size=&#8221;initial&#8221; background_position=&#8221;top_left&#8221; background_repeat=&#8221;repeat&#8221; width=&#8221;100%&#8221; global_colors_info=&#8221;{}&#8221;][et_pb_column type=&#8221;3_4&#8243; _builder_version=&#8221;4.16&#8243; global_colors_info=&#8221;{}&#8221;][et_pb_text _builder_version=&#8221;4.16&#8243; text_font=&#8221;Roboto||||||||&#8221; text_text_color=&#8221;#dddddd&#8221; text_font_size=&#8221;27px&#8221; text_line_height=&#8221;2em&#8221; background_color=&#8221;#000000&#8243; max_width=&#8221;78%&#8221; custom_margin=&#8221;0px|20px||&#8221; custom_padding=&#8221;54px|20px|20px|20px&#8221; global_colors_info=&#8221;{}&#8221;]<\/p>\n<p style=\"padding-left: 60px;\">Podium Gorter organiseert in de winterperiode passende activiteiten in de kerk: kleinschalige concerten, theater en lezingen.<\/p>\n<p style=\"padding-left: 60px;\">[\/et_pb_text][et_pb_image src=&#8221;https:\/\/podiumgorter.nl\/wp-content\/uploads\/2018\/12\/PG-logo-menu.png&#8221; align=&#8221;center&#8221; align_tablet=&#8221;center&#8221; align_phone=&#8221;&#8221; align_last_edited=&#8221;on|desktop&#8221; _builder_version=&#8221;4.16&#8243; custom_padding=&#8221;100px||&#8221; animation_style=&#8221;fade&#8221; z_index_tablet=&#8221;500&#8243; global_colors_info=&#8221;{}&#8221;][\/et_pb_image][\/et_pb_column][et_pb_column type=&#8221;1_4&#8243; _builder_version=&#8221;4.16&#8243; global_colors_info=&#8221;{}&#8221;][\/et_pb_column][\/et_pb_row][\/et_pb_section][et_pb_section fb_built=&#8221;1&#8243; fullwidth=&#8221;on&#8221; _builder_version=&#8221;4.16&#8243; z_index_tablet=&#8221;500&#8243; box_shadow_horizontal_tablet=&#8221;0px&#8221; box_shadow_vertical_tablet=&#8221;0px&#8221; box_shadow_blur_tablet=&#8221;40px&#8221; box_shadow_spread_tablet=&#8221;0px&#8221; global_colors_info=&#8221;{}&#8221;][et_pb_fullwidth_image src=&#8221;https:\/\/podiumgorter.nl\/wp-content\/uploads\/2019\/07\/Header-foto-over-ons.jpg&#8221; admin_label=&#8221;Over ons&#8221; _builder_version=&#8221;4.16&#8243; animation_style=&#8221;fade&#8221; z_index_tablet=&#8221;500&#8243; box_shadow_horizontal_tablet=&#8221;0px&#8221; box_shadow_vertical_tablet=&#8221;0px&#8221; box_shadow_blur_tablet=&#8221;40px&#8221; box_shadow_spread_tablet=&#8221;0px&#8221; global_colors_info=&#8221;{}&#8221;][\/et_pb_fullwidth_image][\/et_pb_section][et_pb_section fb_built=&#8221;1&#8243; admin_label=&#8221;Over&#8221; _builder_version=&#8221;4.16&#8243; z_index_tablet=&#8221;500&#8243; box_shadow_horizontal_tablet=&#8221;0px&#8221; box_shadow_vertical_tablet=&#8221;0px&#8221; box_shadow_blur_tablet=&#8221;40px&#8221; box_shadow_spread_tablet=&#8221;0px&#8221; global_colors_info=&#8221;{}&#8221;][et_pb_row column_structure=&#8221;1_2,1_2&#8243; module_id=&#8221;over&#8221; _builder_version=&#8221;4.17.1&#8243; background_size=&#8221;initial&#8221; background_position=&#8221;top_left&#8221; background_repeat=&#8221;repeat&#8221; z_index_tablet=&#8221;500&#8243; box_shadow_horizontal_tablet=&#8221;0px&#8221; box_shadow_vertical_tablet=&#8221;0px&#8221; box_shadow_blur_tablet=&#8221;40px&#8221; box_shadow_spread_tablet=&#8221;0px&#8221; global_colors_info=&#8221;{}&#8221;][et_pb_column type=&#8221;1_2&#8243; _builder_version=&#8221;4.16&#8243; custom_padding=&#8221;|||&#8221; global_colors_info=&#8221;{}&#8221; custom_padding__hover=&#8221;|||&#8221;][et_pb_text admin_label=&#8221;over ons&#8221; _builder_version=&#8221;4.16&#8243; global_colors_info=&#8221;{}&#8221;]<b>Over ons.<\/b><\/p>\n<p>Stichting Podium Gorter werd in 2016 opgericht door een afvaardiging van de doopsgezinde kerk en een paar enthousiaste cultuurliefhebbers uit Balk.<span class=\"Apple-converted-space\">\u00a0 <\/span>Door samen te werken werd het mogelijk het cultuur aanbod in onze regio te verbreden en tegelijkertijd activiteiten te organiseren in het<span class=\"Apple-converted-space\">\u00a0<\/span>monumentale kerkgebouw van de doopsgezinde gemeente Balk.<\/p>\n<p>Podium Gorter organiseert een variatie van kleinschalige culturele activiteiten, zoals concerten, theater, lezingen e.d. in het mooie kerkje midden in Balk en gelegen aan de Luts. Er wordt actief samenwerking gezocht met andere organisaties en\/of instellingen. Podium Gorter is geen concurrent van andere collega instellingen omdat ze er van overtuigd is dat ze met haar aanbod een aanvulling is en kan zijn op bestaande en nog te realiseren grootschaliger initiatieven.<\/p>\n<p>Alle activiteiten van Stichting Podium Gorter zijn per definitie kleinschalig. In het kerkje is namelijk ruimte voor maximaal 100 bezoekers. Podium Gorter wil met haar programmering ook laagdrempelig zijn en het is de bedoeling dat activiteiten bereikbaar zijn voor een breed publiek, dus worden de toegangsprijzen steeds zeer kritisch vastgesteld.<span class=\"Apple-converted-space\">\u00a0<\/span><\/p>\n<p>Het eerste uitgangspunt leidt er automatisch toe dat er sprake is van een intieme sfeer die niet alleen door bezoekers maar ook door de artiesten hogelijk wordt gewaardeerd. Daarbij komt dat de voortreffelijke akoestiek een extra pluspunt vormt.<\/p>\n<p>Het tweede uitgangspunt stelt hoge eisen aan de programmering, want het feit dat er een maximum aantal kaarten kan worden verkocht beperkt de mogelijkheden bij het aangaan van contracten met artiesten e.d. Het is de afgelopen jaren steeds gelukt meer te bieden dan &#8220;middle of the road&#8221; en dat is precies waar Podium Gorter voor wil staan.<span class=\"Apple-converted-space\">\u00a0<\/span><\/p>\n<p><span class=\"Apple-converted-space\">\u00a0<\/span>Stichting Podium Gorter probeert zich uitdrukkelijk met haar activiteiten te onderscheiden. Dit betekent dat zij met haar programmering probeert het verschil te maken t.o.v. het aanbod elders in de regio. Het onderscheidende en de culturele meerwaarde staan voorop en er wordt ook actief gezocht naar vertegenwoordigers van de Fryske kultuer.<\/p>\n<p>Podium Gorter streeft naar variatie, ruimdenkend in haar beperking en ruimhartig in haar keuzes.<br \/>\n[\/et_pb_text][et_pb_image src=&#8221;https:\/\/podiumgorter.nl\/wp-content\/uploads\/2022\/08\/ANBI_FC_blauw.jpg&#8221; title_text=&#8221;ANBI_FC_blauw&#8221; _builder_version=&#8221;4.18.0&#8243; _module_preset=&#8221;default&#8221; global_colors_info=&#8221;{}&#8221;][\/et_pb_image][et_pb_text _builder_version=&#8221;4.27.2&#8243; _module_preset=&#8221;default&#8221; global_colors_info=&#8221;{}&#8221;]<\/p>\n<p>&nbsp;<\/p>\n<div dir=\"ltr\">\n<div class=\"gmail_default\" style=\"font-size: small; font-family: verdana,sans-serif; color: #000000;\">\n<p style=\"font-family: 'Brown Regular',sans-serif; vertical-align: baseline; margin: 0px; font-variant-numeric: inherit; font-variant-east-asian: inherit; font-variant-alternates: inherit; font-stretch: inherit; font-size-adjust: inherit; font-kerning: inherit; font-feature-settings: inherit; border: 0px; padding: 0px;\"><strong><span style=\"color: #000080;\"><span style=\"color: #0000ff;\">Podium Gorter is een organisatie met ANBI status. Ons RSIN is 856.248.812. Als een instelling de status<\/span> <em style=\"font-family: inherit; vertical-align: baseline; margin: 0px; font-stretch: inherit; font-size-adjust: inherit; font-kerning: inherit; font-feature-settings: inherit; border: 0px; padding: 0px;\">culturele ANBI<\/em>\u00a0draagt is deze voor minstens 90% actief op cultureel gebied. Donateurs van culturele ANBI\u2019s hebben een extra belastingvoordeel. Meer informatie over deze registratie vind je op<\/span> <span style=\"color: #000000;\"><a href=\"http:\/\/belastingdienst.nl\" target=\"_blank\" rel=\"noopener\" style=\"color: #000000;\">belastingdienst.nl<\/a><\/span><\/strong>.<\/p>\n<\/div>\n<\/div>\n<p>[\/et_pb_text][et_pb_image src=&#8221;https:\/\/podiumgorter.nl\/wp-content\/uploads\/2025\/06\/Logo-Emmaplein-Foundation-2.jpg&#8221; title_text=&#8221;Logo Emmaplein Foundation 2&#8243; _builder_version=&#8221;4.27.4&#8243; _module_preset=&#8221;default&#8221; global_colors_info=&#8221;{}&#8221;][\/et_pb_image][et_pb_text _builder_version=&#8221;4.27.4&#8243; _module_preset=&#8221;default&#8221; global_colors_info=&#8221;{}&#8221;]<\/p>\n<p><strong><span style=\"color: #000000;\">Extra theaterverlichting bij Podium Gorter in Balk wordt in 2025 mogelijk gemaakt door Stichting Emmaplein Foundation en het Cultuurfonds.<\/span><\/strong><\/p>\n<p>[\/et_pb_text][et_pb_image src=&#8221;https:\/\/podiumgorter.nl\/wp-content\/uploads\/2025\/11\/Logo-Cultuurfonds.png&#8221; title_text=&#8221;Logo Cultuurfonds&#8221; _builder_version=&#8221;4.27.4&#8243; _module_preset=&#8221;default&#8221; global_colors_info=&#8221;{}&#8221;][\/et_pb_image][\/et_pb_column][et_pb_column type=&#8221;1_2&#8243; _builder_version=&#8221;4.16&#8243; custom_padding=&#8221;|||&#8221; global_colors_info=&#8221;{}&#8221; custom_padding__hover=&#8221;|||&#8221;][et_pb_text _builder_version=&#8221;4.27.4&#8243; global_colors_info=&#8221;{}&#8221;]<\/p>\n<p><b>Het bestuur:<\/b><\/p>\n<p>Jannie Haantjes, Penningmeester<\/p>\n<p>Fedde Bergsma, Secretaris<\/p>\n<p>Tineke Dijkman, algemeen lid<\/p>\n<p>Attie Wobbes, algemeen lid<\/p>\n<p>Anneke Trinks, algemeen lid<\/p>\n<p>Sipke Miedema, algemeen lid<\/p>\n<p>Anne Herrema, voorzitter\/programmeur<\/p>\n<p>[\/et_pb_text][et_pb_text _builder_version=&#8221;4.16&#8243; global_colors_info=&#8221;{}&#8221;]<strong>PODIUM GORTER<br \/>\nAangesloten bij:<br \/>\n<\/strong><br \/>\n[\/et_pb_text][et_pb_image src=&#8221;https:\/\/podiumgorter.nl\/wp-content\/uploads\/2021\/10\/Logo-Nationaal-Podium-Plan.jpg&#8221; title_text=&#8221;Logo Nationaal Podium Plan&#8221; align=&#8221;center&#8221; _builder_version=&#8221;4.27.4&#8243; global_colors_info=&#8221;{}&#8221;][\/et_pb_image][et_pb_text _builder_version=&#8221;4.16&#8243; _module_preset=&#8221;default&#8221; global_colors_info=&#8221;{}&#8221;]<strong>mede mogelijk gemaakt door:\u00a0\u00a0<\/strong><br \/>\n[\/et_pb_text][et_pb_image src=&#8221;https:\/\/podiumgorter.nl\/wp-content\/uploads\/2020\/01\/Logo-Bas-Backer-Stichting.jpg&#8221; align=&#8221;center&#8221; _builder_version=&#8221;4.27.4&#8243; width=&#8221;43%&#8221; custom_margin=&#8221;||29px|||&#8221; global_colors_info=&#8221;{}&#8221;][\/et_pb_image][et_pb_image src=&#8221;https:\/\/podiumgorter.nl\/wp-content\/uploads\/2020\/01\/Logo-Fonds-Podium-Kunsten-WEB.jpg&#8221; title_text=&#8221;Logo Fonds Podium Kunsten WEB&#8221; align=&#8221;center&#8221; _builder_version=&#8221;4.27.4&#8243; _module_preset=&#8221;default&#8221; global_colors_info=&#8221;{}&#8221;][\/et_pb_image][et_pb_image src=&#8221;https:\/\/podiumgorter.nl\/wp-content\/uploads\/2025\/05\/thumbnail_Logo-myVAYA.jpg&#8221; title_text=&#8221;thumbnail_Logo myVAYA&#8221; align=&#8221;center&#8221; _builder_version=&#8221;4.27.4&#8243; width=&#8221;93%&#8221; max_width=&#8221;97%&#8221; min_height=&#8221;216px&#8221; height=&#8221;248px&#8221; max_height=&#8221;1000px&#8221; custom_margin=&#8221;0px|10px||||&#8221; custom_padding=&#8221;2px||0px|||&#8221; global_colors_info=&#8221;{}&#8221;][\/et_pb_image][et_pb_image src=&#8221;https:\/\/podiumgorter.nl\/wp-content\/uploads\/2020\/01\/LOGO_FRYSKE-MARREN_FC_klein_web.png&#8221; align=&#8221;center&#8221; _builder_version=&#8221;4.27.4&#8243; global_colors_info=&#8221;{}&#8221;][\/et_pb_image][et_pb_image src=&#8221;https:\/\/podiumgorter.nl\/wp-content\/uploads\/2022\/08\/Logo-Provincie-Fryslan.jpg&#8221; title_text=&#8221;Logo Provincie Fryslan&#8221; align=&#8221;center&#8221; _builder_version=&#8221;4.27.4&#8243; _module_preset=&#8221;default&#8221; width=&#8221;75%&#8221; global_colors_info=&#8221;{}&#8221;][\/et_pb_image][et_pb_image src=&#8221;https:\/\/podiumgorter.nl\/wp-content\/uploads\/2025\/05\/SteegengaMode-Logo_fc_pos01.jpg&#8221; title_text=&#8221;SteegengaMode-Logo_fc_pos01&#8243; align=&#8221;center&#8221; _builder_version=&#8221;4.27.4&#8243; _module_preset=&#8221;default&#8221; width=&#8221;67%&#8221; max_width=&#8221;59%&#8221; global_colors_info=&#8221;{}&#8221;][\/et_pb_image][\/et_pb_column][\/et_pb_row][\/et_pb_section][et_pb_section fb_built=&#8221;1&#8243; module_id=&#8221;contact&#8221; _builder_version=&#8221;4.16&#8243; background_color=&#8221;rgba(224,43,32,0.66)&#8221; global_colors_info=&#8221;{}&#8221;][et_pb_row column_structure=&#8221;2_3,1_3&#8243; use_custom_gutter=&#8221;on&#8221; _builder_version=&#8221;4.27.4&#8243; background_color=&#8221;rgba(224,43,32,0.66)&#8221; width=&#8221;41%&#8221; max_width=&#8221;1079px&#8221; global_colors_info=&#8221;{}&#8221;][et_pb_column type=&#8221;2_3&#8243; _builder_version=&#8221;4.16&#8243; custom_padding=&#8221;|||&#8221; global_colors_info=&#8221;{}&#8221; custom_padding__hover=&#8221;|||&#8221;][et_pb_image src=&#8221;https:\/\/podiumgorter.nl\/wp-content\/uploads\/2018\/12\/menu-logo.png&#8221; title_text=&#8221;menu logo&#8221; _builder_version=&#8221;4.27.4&#8243; _module_preset=&#8221;default&#8221; global_colors_info=&#8221;{}&#8221;][\/et_pb_image][\/et_pb_column][et_pb_column type=&#8221;1_3&#8243; _builder_version=&#8221;4.16&#8243; custom_padding=&#8221;|||&#8221; global_colors_info=&#8221;{}&#8221; custom_padding__hover=&#8221;|||&#8221;][et_pb_text _builder_version=&#8221;4.27.4&#8243; text_font=&#8221;Roboto||||||||&#8221; text_text_color=&#8221;#ffffff&#8221; text_line_height=&#8221;1.8em&#8221; background_color=&#8221;#000000&#8243; custom_margin=&#8221;0px||&#8221; custom_padding=&#8221;54px|20px||20px&#8221; global_colors_info=&#8221;{}&#8221;]<\/p>\n<p>Stichting Podium Gorter<\/p>\n<p>Bezoekadres:<br \/>Raadhuisstraat 27<br \/>8561 BH Balk<\/p>\n<p>Secretariaat adres:<br \/>Raadhuisstraat 47<br \/>8561 BH Balk<\/p>\n<p>podiumgorter@hotmail.com<\/p>\n<p>&nbsp;<\/p>\n<p>[\/et_pb_text][\/et_pb_column][\/et_pb_row][\/et_pb_section][et_pb_section fb_built=&#8221;1&#8243; fullwidth=&#8221;on&#8221; module_id=&#8221;kaart&#8221; _builder_version=&#8221;4.16&#8243; global_colors_info=&#8221;{}&#8221;][et_pb_fullwidth_slider show_arrows=&#8221;off&#8221; show_pagination=&#8221;off&#8221; admin_label=&#8221;lokatie&#8221; _builder_version=&#8221;4.16&#8243; body_font=&#8221;||||||||&#8221; body_text_color=&#8221;#000000&#8243; global_colors_info=&#8221;{}&#8221;][et_pb_slide heading=&#8221;De locatie&#8221; button_text=&#8221;Naar de kaart&#8221; button_link=&#8221;https:\/\/www.google.nl\/maps\/place\/Raadhuisstraat+27,+8561+BH+Balk\/@52.8973777,5.5821239,16z\/data=!4m5!3m4!1s0x47c892c3ef0698c5:0x31714d2814e70623!8m2!3d52.8979649!4d5.5808916&#8243; url_new_window=&#8221;on&#8221; image=&#8221;https:\/\/podiumgorter.nl\/wp-content\/uploads\/2019\/03\/Gorter.png&#8221; use_bg_overlay=&#8221;off&#8221; use_text_overlay=&#8221;off&#8221; admin_title=&#8221;lokatie&#8221; _builder_version=&#8221;4.16&#8243; background_image=&#8221;https:\/\/podiumgorter.nl\/wp-content\/uploads\/2019\/03\/kaartje.jpg&#8221; parallax=&#8221;on&#8221; custom_button=&#8221;on&#8221; button_text_color=&#8221;#ffffff&#8221; button_bg_color=&#8221;#000000&#8243; button_use_icon=&#8221;on&#8221; button_icon=&#8221;&#x3d;||divi||400&#8243; button_icon_color=&#8221;#ffffff&#8221; button_on_hover=&#8221;on&#8221; background_layout=&#8221;light&#8221; child_mix_blend_mode=&#8221;multiply&#8221; global_colors_info=&#8221;{}&#8221; sticky_transition=&#8221;on&#8221;]Podium Gorter heeft een toepasselijke naam. Vernoemd naar de bekende dichter Herman Gorter (1864 \u2013 1927). Hij is een van de zogenoemde Tachtigers en kwam in zijn jonge jaren veel in Balk. Zijn grootvader was predikant van de doopsgezinde gemeente gelegen aan de Raadhuisstraat. Er liggen dus veel voetstappen van Herman Gorter op deze historische grond. In zijn beroemde gedicht \u2018Mei\u2019 beschrijft hij dit als volgt<\/p>\n<p><i>Een nieuwe lente en een nieuw geluid<span class=\"Apple-converted-space\">\u00a0<\/span><\/i><\/p>\n<p><i>Ik wil dat dit lied klinkt als het gefluit<\/i><\/p>\n<p><i>Dat ik vaak hoorde voor een zomernacht<span class=\"Apple-converted-space\">\u00a0<\/span><\/i><\/p>\n<p><i>In een oud stadje, langs de watergracht<\/i><\/p>\n<p>In de laatste zin wordt verwezen naar ons Balk. Hij wordt dan ook in ruime mate ge\u00eberd in dit Friese dorp. Een straatnaam, een beeld met gedicht en een podium\u2026<span class=\"Apple-converted-space\">\u00a0<\/span><br \/>\n[\/et_pb_slide][\/et_pb_fullwidth_slider][\/et_pb_section][et_pb_section fb_built=&#8221;1&#8243; _builder_version=&#8221;4.17.6&#8243; _module_preset=&#8221;default&#8221; use_background_color_gradient=&#8221;on&#8221; background_image=&#8221;https:\/\/podiumgorter.nl\/wp-content\/uploads\/2022\/08\/K9.jpeg&#8221; global_colors_info=&#8221;{}&#8221;][et_pb_row _builder_version=&#8221;4.19.5&#8243; _module_preset=&#8221;default&#8221; global_colors_info=&#8221;{}&#8221;][et_pb_column type=&#8221;4_4&#8243; _builder_version=&#8221;4.17.6&#8243; _module_preset=&#8221;default&#8221; global_colors_info=&#8221;{}&#8221;][et_pb_text module_id=&#8221;vrienden&#8221; _builder_version=&#8221;4.27.4&#8243; _module_preset=&#8221;default&#8221; link_option_url=&#8221;podiumgorter@hotmail.com&#8221; link_option_url_new_window=&#8221;on&#8221; global_colors_info=&#8221;{}&#8221;]<\/p>\n<h1 style=\"text-align: center;\"><span style=\"color: #800080;\"><strong>VRIEND WORDEN VAN PODIUM GORTER<\/strong><\/span><\/h1>\n<p style=\"text-align: center;\"><strong><span style=\"color: #000000;\">In de zeven jaar dat Podium Gorter bestaat is het steeds weer gelukt een veelzijdig en gevarieerd programma samen te stellen.<br \/>Uitgangspunten daarbij staan verwoord in het beleidsplan (zie link). Kernwoorden uit dit plan zijn o.a. gevarieerdheid, originaliteit, kleinschaligheid en betaalbaarheid&#8230; Ruim 1000 mensen zijn ge\u00efnteresseerd in onze voorstellingen.<\/span><\/strong><\/p>\n<p style=\"text-align: center;\"><strong><span style=\"color: #000000;\">De afgelopen jaren toonden een paar grotere bedrijven uit Balk zich bereid ons financieel te supporten.<br \/>Ook weten we ons gesteund door de gemeente en zijn we erkend door het Fonds Podiumkunsten. Deze steun wordt zeer gewaardeerd.<br \/>Toch zoeken we naar nog meer basis en dan niet alleen voor het versterken van onze financi\u00eble<\/span><span style=\"color: #000000; font-size: 14px;\">\u00a0positie.<\/span><\/strong><\/p>\n<p style=\"text-align: center;\"><strong><span style=\"color: #000000;\">We willen vooral de (creatieve) inbreng van onze bezoekers vergroten. We hopen dat we met de oprichting van een vriendenclub het beoogde draagvlak realiseren.<br \/>Als vriend van Podium Gorter steunen mensen met een warm hart voor kunst en cultuur de activiteiten van het Podium met een kleine bijdrage.<\/span><\/strong><\/p>\n<p style=\"text-align: center;\"><strong><span style=\"color: #000000;\">Daarom zoekt Podium Gorter vrienden, mensen die&#8230;<\/span><\/strong><br \/><strong><span style=\"color: #000000;\">* het leuk vinden creatief mee te denken over de inhoud van en wensen voor het programma<br \/>* adviezen willen geven over zaken als doelgroepen, communicatie, bereik en samenwerkingspartners<br \/>* bereid zijn te sponsoren met een jaarlijkse bijdrage van \u20ac 15,=: meer is helemaal mooi.<\/span><\/strong><\/p>\n<p style=\"text-align: center;\"><strong><span style=\"color: #000000;\">De vrienden krijgen daarvoor terug:<br \/>* je krijgt als eerste een inkijkje in het programma tijdens de vriendenavond<br \/>* je kunt met voorrang kaarten bestellen<br \/>* we werken aan een jaarlijkse aparte en leuke vriendenbijeenkomst met een aansprekend thema<\/span><\/strong><\/p>\n<p style=\"text-align: center;\"><span style=\"color: #000000;\"><strong>VRIEND WORDEN:<br \/>STUUR EEN MAIL met <span style=\"color: #800080;\">Naam, Adresgegevens en Telefoonnummer<\/span> NAAR<\/strong><\/span><\/p>\n<h3 style=\"text-align: center;\"><span style=\"color: #800080;\"><strong>podiumgorter@hotmail.com<\/strong><\/span><\/h3>\n<p>[\/et_pb_text][\/et_pb_column][\/et_pb_row][\/et_pb_section][et_pb_section fb_built=&#8221;1&#8243; _builder_version=&#8221;4.27.4&#8243; background_color=&#8221;#8300e9&#8243; locked=&#8221;off&#8221; global_colors_info=&#8221;{}&#8221;][et_pb_row _builder_version=&#8221;4.27.4&#8243; global_colors_info=&#8221;{}&#8221;][et_pb_column type=&#8221;4_4&#8243; _builder_version=&#8221;4.16&#8243; global_colors_info=&#8221;{}&#8221;][et_pb_text _builder_version=&#8221;4.27.6&#8243; custom_padding=&#8221;||0px|||&#8221; link_option_url=&#8221;http:\/\/www.kennisbankfilantropie.nl\/anbi\/podium-gorter&#8221; link_option_url_new_window=&#8221;on&#8221; hover_enabled=&#8221;0&#8243; global_colors_info=&#8221;{}&#8221; sticky_enabled=&#8221;0&#8243;]<\/p>\n<p style=\"text-align: left;\"><strong><span style=\"color: #000000;\">BELEIDSPLAN <\/span><span style=\"color: #000000;\">PODIUM GORTER <\/span><span style=\"color: #000000;\">BALK<br \/><\/span><\/strong><span style=\"color: #000000;\"><strong>2025 &#8211; 2029<br \/>Vastgesteld door het voltallige bestuur in vergadering bijeen op 8 april 2025.<br \/><\/strong><br \/><\/span><\/p>\n<p _msttexthash=\"49290007\" _msthash=\"888\"><strong><span style=\"color: #000000;\">Inhoud<\/span><\/strong><\/p>\n<p><a href=\"#_bookmark0\">Inleiding&#8230;&#8230;&#8230;&#8230;&#8230;&#8230;&#8230;&#8230;&#8230;&#8230;&#8230;&#8230;&#8230;&#8230;&#8230;&#8230;&#8230;&#8230;&#8230;&#8230;&#8230;&#8230;&#8230;&#8230;&#8230;&#8230;&#8230;&#8230;&#8230;&#8230;&#8230;&#8230;&#8230;&#8230;&#8230;&#8230;&#8230;&#8230;&#8230;&#8230;&#8230;&#8230;&#8230;&#8230;&#8230;&#8230;&#8230;&#8230;&#8230;&#8230;&#8230;&#8230;&#8230;&#8230;&#8230;&#8230;&#8230;&#8230;&#8230;&#8230;&#8230; 2<\/a><\/p>\n<p><a href=\"#_bookmark1\">Meerjaren beleidsplan&#8230;&#8230;&#8230;&#8230;&#8230;&#8230;&#8230;&#8230;&#8230;&#8230;&#8230;&#8230;&#8230;&#8230;&#8230;&#8230;&#8230;&#8230;&#8230;&#8230;&#8230;&#8230;&#8230;&#8230;&#8230;&#8230;&#8230;&#8230;&#8230;&#8230;&#8230;&#8230;&#8230;&#8230;&#8230;&#8230;&#8230;&#8230;&#8230;&#8230;&#8230;&#8230;&#8230;&#8230;&#8230;&#8230;&#8230;&#8230;&#8230;&#8230;&#8230;&#8230;.. 4<\/a><\/p>\n<p><a href=\"#_bookmark3\">Missie en visie&#8230;&#8230;&#8230;&#8230;&#8230;&#8230;&#8230;&#8230;&#8230;&#8230;&#8230;&#8230;&#8230;&#8230;&#8230;&#8230;&#8230;&#8230;&#8230;&#8230;&#8230;&#8230;&#8230;&#8230;&#8230;&#8230;&#8230;&#8230;&#8230;&#8230;&#8230;&#8230;&#8230;&#8230;&#8230;&#8230;&#8230;&#8230;&#8230;&#8230;&#8230;&#8230;&#8230;&#8230;&#8230;&#8230;&#8230;&#8230;&#8230;&#8230;&#8230;&#8230;&#8230;&#8230;&#8230;&#8230;&#8230;.. 7<\/a><\/p>\n<p><a href=\"#_bookmark4\">Actuele situatie&#8230;&#8230;&#8230;&#8230;&#8230;&#8230;&#8230;&#8230;&#8230;&#8230;&#8230;&#8230;&#8230;&#8230;&#8230;&#8230;&#8230;&#8230;&#8230;&#8230;&#8230;&#8230;&#8230;&#8230;&#8230;&#8230;&#8230;&#8230;&#8230;&#8230;&#8230;&#8230;&#8230;&#8230;&#8230;&#8230;&#8230;&#8230;&#8230;&#8230;&#8230;&#8230;&#8230;&#8230;&#8230;&#8230;&#8230;&#8230;&#8230;&#8230;&#8230;&#8230;&#8230;&#8230;&#8230;&#8230; 11<\/a><\/p>\n<p><a href=\"#_bookmark6\">Activiteiten van de organisatie&#8230;&#8230;&#8230;&#8230;&#8230;&#8230;&#8230;&#8230;&#8230;&#8230;&#8230;&#8230;&#8230;&#8230;&#8230;&#8230;&#8230;&#8230;&#8230;&#8230;&#8230;&#8230;&#8230;&#8230;&#8230;&#8230;&#8230;&#8230;&#8230;&#8230;&#8230;&#8230;&#8230;&#8230;&#8230;&#8230;&#8230;&#8230;&#8230;&#8230;&#8230;&#8230;&#8230;&#8230;&#8230;&#8230;&#8230;. 12<\/a><\/p>\n<p><a href=\"#_bookmark7\">Bestuur en uitvoering&#8230;&#8230;&#8230;&#8230;&#8230;&#8230;&#8230;&#8230;&#8230;&#8230;&#8230;&#8230;&#8230;&#8230;&#8230;&#8230;&#8230;&#8230;&#8230;&#8230;&#8230;&#8230;&#8230;&#8230;&#8230;&#8230;&#8230;&#8230;&#8230;&#8230;&#8230;&#8230;&#8230;&#8230;&#8230;&#8230;&#8230;&#8230;&#8230;&#8230;&#8230;&#8230;&#8230;&#8230;&#8230;&#8230;&#8230;&#8230;&#8230;&#8230;&#8230;&#8230;. 13<\/a><\/p>\n<p><a href=\"#_bookmark8\">Bijlage I Sponsoren, fondsen en subsidiepartners&#8230;&#8230;&#8230;&#8230;&#8230;&#8230;&#8230;&#8230;&#8230;&#8230;&#8230;&#8230;&#8230;&#8230;&#8230;&#8230;&#8230;&#8230;&#8230;&#8230;&#8230;&#8230;&#8230;&#8230;&#8230;&#8230;&#8230;&#8230;&#8230;&#8230;&#8230;&#8230;&#8230;&#8230;&#8230;&#8230; 14<\/a><\/p>\n<p>&nbsp;<\/p>\n<h1><span style=\"color: #000000;\">Inleiding<\/span><\/h1>\n<p><span style=\"color: #000000;\">Stichting Podium Gorter werd in 2016 opgericht door een paar cultuurliefhebbers vanuit de overtuiging dat er nooit te veel aan cultuur kan worden aangeboden en die tevens het belang van het zo veel mogelijk in stand houden van monumentale kerkelijke gebouwen onderkenden. De oprichting van stichting Podium Gorter maakte het mogelijk deze twee aspecten met elkaar te verbinden.<\/span><\/p>\n<p><span style=\"color: #000000;\">Podium Gorter organiseert sindsdien met toenemend succes een variatie van kleinschalige culturele activiteiten, zoals concerten, theater, cabaret, toneel en lezingen e.d. in het kerkgebouw van de Doopsgezinde gemeente te Balk. Podium Gorter staat midden in de samenleving en werkt samen met uiteenlopende partners om haar doelen te bereiken. We werken actief aan een divers netwerk en leggen\/onderhouden contact met collega- instellingen en maatschappelijke organisaties in de regio. Zo is in de loop van de jaren een netwerk van samenwerkingsafspraken met andere organisaties gerealiseerd zoals o.a. met het NUT (<a href=\"https:\/\/nutgaasterlan-sleat.nl\" style=\"color: #000000;\">https:\/\/nutgaasterlan-sleat.nl<\/a> ), Muziek aan de Luts (<a href=\"https:\/\/muziekaandeluts.nl\" style=\"color: #000000;\">https:\/\/muziekaandeluts.nl<\/a> ), de scholengemeenschap Bogerman (<a href=\"https:\/\/csgbogerman.nl\/locaties\/balk\/\" style=\"color: #000000;\">https:\/\/csgbogerman.nl\/locaties\/balk\/<\/a>), AF\u00dbK (<a href=\"https:\/\/afuk.frl\" style=\"color: #000000;\">https:\/\/afuk.frl<\/a> ) en met Historisch W\u00fbrkferb\u00e2n Gaasterl\u00e2n (<a href=\"https:\/\/geschiedenisgaasterland.nl\" style=\"color: #000000;\">https:\/\/geschiedenisgaasterland.nl<\/a>. )<\/span><\/p>\n<p><span style=\"color: #000000;\">Een voorbeeld van deze samenwerking is de (mede-)organisatie van het jaarlijkse UIT-festival georganiseerd door Mar en Klif in opdracht van gemeente De Fryske Marren.<\/span><\/p>\n<p><span style=\"color: #000000;\">In de loop van de jaren is het aanbod sterk uitgebreid. Begonnen met 8 voorstellingen in 2016 en anno 2024-2025 staan maar liefst 20 voorstellingen geprogrammeerd, waarvan 85 <\/span><span style=\"color: #000000;\">% volledig uitverkocht.<\/span><\/p>\n<p><span style=\"color: #000000;\">De twee jaar geleden opgerichte vriendenclub is een doorslaand succes. Gingen we uit van een maximaal haalbaar aantal vrienden van plm. 60-70, de club telt nu al meer dan 100 vrienden.<\/span><\/p>\n<p><span style=\"color: #000000;\">De in de loop van de jaren ge\u00ebvolueerde samenwerking met de kerkenraad verloopt uitstekend. In het bestuur zitten geen leden van het kerkbestuur meer, het huidige bestuur bestaat uit 7 vrijwilligers die allen over specifieke kwaliteiten bezitten, hetgeen er toe leidt dat het bestuur meer is dan de som der delen<\/span><\/p>\n<p><span style=\"color: #000000;\">Het komend seizoen (2026-2027) bestaat het Podium 10 jaar, reden voor een paar extraatjes, de vorm van deze extraatjes zal in de loop van het huidige seizoen verder worden uitgewerkt en daarna als eerste worden gedeeld met de Vrienden.<\/span><\/p>\n<p _msttexthash=\"49290007\" _msthash=\"888\"><span style=\"color: #000000;\">Dit beleidsplan beslaat een periode van vijf jaar. Na deze periode wordt bekeken of bijstelling nodig is. Podium Gorter blijft enthousiast werken vanuit haar principe: Ruimdenkend in onze beperking en ruimhartig in onze keuzes .<\/span><\/p>\n<p><span style=\"color: #000000;\">Anne Herrema,\u00a0 voorzitter.<\/span><\/p>\n<h1><span style=\"color: #000000;\">Meerjarenbeleidsplan<\/span><\/h1>\n<p><span style=\"color: #000000;\">Alle activiteiten van Stichting Podium Gorter zijn per definitie kleinschalig omdat onze zaal (de doopsgezinde kerk te Balk) maximaal 100 bezoekers per voorstelling kan bergen.<\/span><\/p>\n<p><span style=\"color: #000000;\">Daarnaast is PG met haar programmering bewust laagdrempelig maar juist wel zeer breed. Met dit beleid bereiken we in een seizoen een groot en vooral ook breed geschakeerd publiek uit alle lagen van de bevolking waarmee het woord \u201cverbinding\u201d daadwerkelijk inhoud krijgt zonder daar met zoveel woorden ruchtbaarheid aan te geven.<\/span><\/p>\n<p><span style=\"color: #000000;\">Een belangrijk onderdeel van de succesformule is niet alleen het zeer gevarieerde programma- waarover later meer- maar ook het feit dat we tot heden de tickets niet duurder maakten dan het maximum van \u20ac 20 . In 2018 schreef het toenmalige kabinet: \u2018Het is belangrijk dat het kunst- en cultuuraanbod voor iedereen bereikbaar is, zowel in de Randstad als de regio.\u2019 Een standpunt dat wij harte ondersteunen. Helaas zullen we, gezien de inflatieontwikkelingen (gages, techniek, inkoop e.d.), de komende periode deze prijs moeten bijstellen naar (hopelijk incidenteel) een maximum van \u20ac 25,&#8211;. Hiermee onderschrijven wij ook \u201cfair pay\u201d en de \u201ccultural covernance code\u201d, oftewel een eerlijke en redelijke betaling aan artiesten. Hoe dan ook is het een bewuste keuze dat sommige duurdere voorstellingen nog steeds een nadelig saldo impliceren maar dat zal met andere voorstellingen en met de ruimhartige steun van een paar grotere bedrijven uit de regio<a href=\"#_bookmark2\" style=\"color: #000000;\"><sup>1<\/sup><\/a> en met steun van fondsen en subsidies worden gecompenseerd.<\/span><\/p>\n<p><span style=\"color: #000000;\">De in de loop van de jaren gegroeide samenwerkingsafspraken\u00a0 met de kerkenraad\u00a0 zijn onder andere op verzoek van de kerk geformaliseerd in een huurovereenkomst\u00a0 en vastgelegd in de notulen van de tweejaarlijkse zogenoemde afstemmingsbijeenkomsten. Dit overleg wordt bijgewoond door een paar leden van het bestuur van PG en de voltallige kerkenraad. Er is een kleine verrijdbare horecahoek gerealiseerd die alleen tijdens de voorstellingen van PG in gebruik wordt genomen. Het in 2020 gebouwde demontabele podium bevalt ook erg goed waardoor ook de gasten die achterin een zitplaats hebben de voorstelling goed kunnen volgen.<\/span><\/p>\n<p><span style=\"color: #000000;\">De sfeerverlichting met kaarsjes\u00a0 is vervangen door de veel brandveiligere lichtjes op oplaadbare batterijen en leidt tot een intieme, gezellige en informele sfeer. Juist deze sfeer wordt door zowel de artiesten als het publiek hoog gewaardeerd.<\/span><\/p>\n<p><span style=\"color: #000000;\">Dit in combinatie met de alom hoog gewaardeerde akoestiek van de zaal leidt vaak tot een zeer hoog gewaardeerde beleving.<\/span><\/p>\n<p><span style=\"color: #000000;\">Juist het feit dat we er jaar in jaar uit in slagen niets uit het aanbod te distilleren maakt dat we een breed geschakeerd publiek hebben. De Frysk talige voorstellingen trekken een <\/span><span style=\"color: #000000;\">totaal ander publiek dan bij voorbeeld de jazzmiddagen, maar steeds is het publiek vrijwel unaniem enthousiast over de sfeer en over het feit \u201cdat juist deze artiest zomaar in Balk wil optreden\u201d.<\/span><\/p>\n<p><span style=\"color: #000000;\">Met de gemeente is afgesproken dat er licht-alcoholische dranken mogen worden geschonken en er is een horecahoek ingericht die weggereden kan worden en kan worden afgesloten opdat de reguliere kerkbezoeker er tijdens de kerkdiensten geen aanstoot aan kan nemen.\u00a0 \u00a0 \u00a0 \u00a0 \u00a0 \u00a0 \u00a0 \u00a0 \u00a0 \u00a0 \u00a0 \u00a0 \u00a0 \u00a0 \u00a0 \u00a0 \u00a0 \u00a0 \u00a0 \u00a0 \u00a0 \u00a0 \u00a0 \u00a0 \u00a0 \u00a0 \u00a0 \u00a0 \u00a0 \u00a0 \u00a0 \u00a0 \u00a0 \u00a0 \u00a0 \u00a0 \u00a0 \u00a0 \u00a0 \u00a0 \u00a0 \u00a0 \u00a0 \u00a0 \u00a0 \u00a0 \u00a0 \u00a0 \u00a0 \u00a0 \u00a0 Twee van de bestuursleden beschikken over de benodigde horecapapieren incl. de diploma\u2019s voor sociale hygi\u00ebne.<br \/>De horecahoek biedt mede dankzij de inzet van twee van onze ervaren vrijwilligers een kleinschalige maar uiterst effici\u00ebnte service.<\/span><\/p>\n<p><span style=\"color: #000000;\">Het assortiment is niet breed maar juist wel doeltreffend waarbij het aanbod van zogenaamde Tsjerkebiertjes (Letterlijk vertaald: \u201cKerkbier) tot de verbeelding spreken. Dat we onze gasten vragen zelf het aantal consumpties bij te houden en bij vertrek zelf even uit te rekenen wat er betaald moet worden komt de sfeer ook nog eens extra ten goede. Mensen waarderen het impliciet vertrouwen wat wij met dit beleid in hen uitspreken en\u2026. het komt de snelheid om ieder van een consumptie te kunnen voorzien ten goede.<\/span><\/p>\n<p><span style=\"color: #000000;\">Podium Gorter draait op vrijwilligers. De betrokkenheid en het enthousiasme waarmee onze vrijwilligers werken zijn goud waard. Het publiek en vooral ook de artiesten zien en voelen de gastvrijheid, de energie en de passie. Dit in combinatie met onze allesomvattende maar uiterst kernachtige huisregel: \u201c Als jij je als een vriend gedraagt doen wij dat ook\u201d, \u00a0leidt tot de ondertussen voor Podium Gorter kenmerkende unieke sfeer.<\/span><\/p>\n<p><span style=\"color: #000000;\">Het bestuur is samengesteld uit 7 enthousiaste vrijwilligers die over specifieke kwaliteiten beschikken. Daarnaast kan er, in geval van nood, een beroep worden gedaan op enkele \u2018inval-vrijwilligers\u2019. In 2025 draait er tevens een stagiair mee van scholengemeenschap Bogerman te Balk. Als dit stage-experiment de verschillende betrokkenen goed bevalt gaan we dit de komende jaren herhalen.<\/span><\/p>\n<p><span style=\"color: #000000;\">Voor de komende periode is het vooral ons streven de hoogwaardige kwaliteit op alle onderdelen te handhaven en daar waar nodig op onderdelen nog te verfijnen.<\/span><\/p>\n<p><span style=\"color: #000000;\">We gaan in 2025 een vluchtroute aanleggen opdat het publiek in een situatie van een calamiteit over meerdere vluchtroutes kan beschikken. De kleedruimte wordt in goed overleg met het kerkbestuur nog beter geschikt gemaakt voor de ontvangst van de artiesten. Er is al een aparte kleedhoek met kaptafel aanwezig.<\/span><\/p>\n<p><span style=\"color: #000000;\">Ons impliciete uitgangspunt om vooral ook inclusief te willen zijn vertaald zich al in de <\/span><span style=\"color: #000000;\">ruimhartige no-nonsens ontvangst van mensen met een fysieke beperking. Uiteraard binnen onze mogelijkheden. Zo wordt er een parkeerplaats pal voor de kerk gereserveerd voor een bezoekster die moeilijk ter been is en op deze manier ons toch kan bezoeken.<\/span><\/p>\n<p><span style=\"color: #000000;\">Een van de vaste gasten is een mevrouw met een zeer ingenieuze elektrische rolstoel. Zij krijgt steevast een vaste plaats achterin de zaal maar omdat ze haar stoel omhoog kan bewegen heeft ze het mooiste uitzicht van ons allemaal.<\/span><\/p>\n<p><span style=\"color: #000000;\">Ervaring heeft geleerd dat een Friese component in de programmering niet mag ontbreken.<\/span><\/p>\n<p><span style=\"color: #000000;\">D.w.z. dat bij het samenstellen van het programma nadrukkelijk ook wordt gekeken naar artiesten uit Frysl\u00e2n en activiteiten waarvan de Fryske taal een onderdeel uitmaakt. Het is gebleken dat het (potenti\u00eble) publiek in onze regio dit elk jaar weer zeer op prijs stelt. Bij de programmering is het mede daarom een uitdaging om niet te vervallen in het oude en bekende maar steeds te blijven zoeken naar vernieuwing en verrassing. Ook is hierbij aandacht voor maatschappelijke ontwikkelingen als diversiteit en inclusie. Zoals eerder gezegd, is ook hier weer het streven ruimdenkend in onze beperking te zijn en ruimhartig in de te maken keuzes.<\/span><\/p>\n<p><span style=\"color: #000000;\">De geluidsinstallatie is aangepast en de beamer met automatisch scherm bevalt bij lezingen prima. Verbetering van de lichtinstallatie (theaterspots) is een aspect dat de komende tijd aandacht verdient want de huidige theaterverlichting is (te) beperkt.<\/span><\/p>\n<h1><span style=\"color: #000000;\">Missie en visie<\/span><\/h1>\n<p><span style=\"color: #000000;\">In 2016 waren een paar enthousiaste paar cultuurliefhebbers van mening dat het culturele leven in Balk e.o. gebaat zou zijn bij een nieuwe impuls. Hoewel er andere instellingen zijn die zich (ook) op dit gebied begeven, werd geconstateerd dat nieuwe ontwikkelingen niet (of te weinig ) in de programmering worden opgenomen. Een van de hypothesen bij de initiatiefnemers voor Podium Gorter was dat de grotere zalen in de regio kennelijk geen aansluiting (meer) kunnen vinden bij de beginnende en\/of experimentele(re) vormen van cultuur. Bovendien bestond de indruk dat er sprake was van een min of meer vast cultuurpubliek en dat er nauwelijks nieuw publiek wordt bereikt. Daarmee lag de impliciete behoefte aan een vernieuwend cultuuraanbod op tafel.<\/span><\/p>\n<p><span style=\"color: #000000;\">In dezelfde periode werd door het bestuur van de doopsgezinde kerk te Balk geconstateerd dat het kerkbezoek terugliep, dit overigens geheel in lijn met de landelijke trends. Het kerkgebouw moet onderhouden worden door de leden van de gemeente en met het teruglopen van het aantal leden neemt de financi\u00eble druk op de resterende leden omgekeerd evenredig toe. De meest recente renovatie van het kerkgebouw (afgerond in 2014) deed het besef ontstaan dat deze prachtige ruimte zeker potentie heeft. Het bestuur besloot dan ook te onderzoeken of het mogelijk zou zijn de kerk open te stellen voor meer dan alleen religieuze bijeenkomsten. Er werd hier en daar bij mogelijk ge\u00efnteresseerde (en betrouwbaar geachte kandidaten) gepolst of men op huurbasis gebruik van de kerk zou willen maken.<\/span><\/p>\n<p><span style=\"color: #000000;\">In 2016 vonden bovengenoemde initiatiefnemers elkaar en dat resulteerde in het oprichten van Stichting Podium Gorter. De stichting werd vernoemd naar de bekende dichter Herman Gorter, een van de zogenoemde &#8220;Tachtigers&#8221;. Gorter is o.a. bekend van zijn gedicht \u2018Mei\u2019, dat nadrukkelijk verwijst naar zijn periodes dat hij in Balk logeerde. Hij verbleef in zijn jonge jaren tijdens de zomerperiodes namelijk vaak bij zijn grootouders. Grootvader Gorter was predikant in de doopsgezinde kerk, dit is als zodanig in de kerk op een tableau vermeld.<\/span><\/p>\n<p><span style=\"color: #000000;\">In seizoen 2016\/2017 ging Podium Gorter van start. Een programma met verschillende onderdelen en bereikbaar voor een breed publiek. Er werd een programma samengesteld waarin iedere potenti\u00eble liefhebber iets van zijn gading kon vinden.<\/span><\/p>\n<p><span style=\"color: #000000;\">Al snel werd duidelijk dat deze benadering zijn vruchten afwerpt. De kleine zaal levert onmiskenbaar voordelen op. Het is intiem, je voelt je niet verloren, ook als het aantal toeschouwers niet groot is. En er kunnen dus zonder veel problemen ook activiteiten worden aangeboden die geen groot publiek trekken.<\/span><\/p>\n<p><span style=\"color: #000000;\">Een unieke eigenschap van cultuur is dat het mensen verbindt. Podium Gorter is, naast een cultureel podium, ook een soort huiskamer voor de bezoekers, een culturele <\/span><span style=\"color: #000000;\">ontmoetingsplaats. Dit sociale aspect wordt door het bestuur ten zeerste gewaardeerd en gestimuleerd.<\/span><\/p>\n<p><span style=\"color: #000000;\">Zoals eerder gezegd speelt de toegangsprijs voor het publiek wel degelijk een belangrijke rol. Als maximum toegangsprijs is het streven niet hoger te gaan dan \u20ac 25,&#8211; p.p., waarbij opgemerkt dient te worden dat uitzonderingen hier de regel kunnen bevestigen.<\/span><\/p>\n<p><span style=\"color: #000000;\">Het bestuur van Podium Gorter wil zich met het door haar aan te bieden programma onderscheiden. Onderscheiden ten opzichte van andere activiteiten zoals deze in onze regio worden georganiseerd. De grote podia in Leeuwarden, Sneek, Heerenveen, Emmeloord en Drachten bieden wel bijzondere activiteiten maar juist de afstand blijkt een te grote drempel op te leveren voor veel van de gasten die juist Podium Gorter wel regelmatig bezoeken.<\/span><\/p>\n<p><span style=\"color: #000000;\">Om onderscheidend te zijn wordt gezocht naar concerten, theatervoorstellingen en lezingen die niet bij andere podia in de regio worden geprogrammeerd. (o.a. jazz en wereldmuziek) De grootte van het podium en de zaal levert hierbij soms beperkingen op waar creatief mee wordt omgegaan. Uiteraard kan een dergelijke programmering ook financi\u00eble consequenties hebben. Niet alle activiteiten van Podium Gorter zijn per definitie \u2018sexy\u2019 en\/of populair bij het grote publiek. Het beleven van cultuur door een breed aanbod van podiumkunst van professionele kwaliteit aan te bieden is het uitgangspunt. Daarom wordt jaarlijks gezocht naar een ideale mix, waarbij het uitgangspunt is dat de uiteindelijke financi\u00eble balans aan het einde van het seizoen niet negatief mag zijn.<\/span><\/p>\n<h2><span style=\"color: #000000;\">Strategie<\/span><\/h2>\n<p><span style=\"color: #000000;\">Teneinde de doelstelling te bereiken wordt uitgebreid en frequent gezocht naar voor Podium Gorter geschikte activiteiten. Hiervoor worden voorstellingen elders bezocht, zijn er contacten met verschillende artiesten en impresariaten en wordt er gekeken naar programmeringen bij vergelijkbare instellingen. Uiteraard staat het bestuur daarbij steeds open voor initiatieven van derden.<\/span><\/p>\n<p><span style=\"color: #000000;\">De doelstelling van de stichting beoogt geen financieel winstoogmerk, maar uiteraard mag het financi\u00eble belang niet uit het oog worden verloren. Om de financi\u00ebn zoveel als mogelijk te waarborgen worden in het bestuur de toegangsprijzen mede afgestemd op het te verwachten aantal bezoekers.<\/span><\/p>\n<p><span style=\"color: #000000;\">Mede omdat het bestuur hoofdelijk aansprakelijk is, wordt aan gemeente De Fryske Marren gevraagd de stichting financieel te ondersteunen met een subsidie. De jaarlijks aangevraagde subsidie is tot heden (eind van het seizoen 2024-2025) steeds ruimhartig toegekend. Voor incidentele uitgaven wordt een beroep gedaan op lokale en regionale fondsen.<\/span><\/p>\n<p><span style=\"color: #000000;\">Ook een paar van de grotere bedrijven hebben een jaarlijkse bijdrage toegezegd. Om het voor deze sponsoren aantrekkelijk te maken heeft Podium Gorter via de belastingdienst de zogenoemde Algemeen Nut Beogende Instelling (ANBI) erkenning verkregen Dit impliceert dat een gift voor 125 % in de boeken mag worden verwerkt<a href=\"#_ftn1\" name=\"_ftnref1\" style=\"color: #000000;\">[1]<\/a><\/span><\/p>\n<p><span style=\"color: #000000;\">Podium Gorter is \u2018anders dan anders\u2019, ruimdenkend in haar beperking en ruimhartig in haar keuzes. <em>En\u2026 <\/em>met veel begrip voor haar dynamische omgeving. Er wordt dus actief geanticipeerd op veranderende omstandigheden. \u201cBij een mogelijk terugtrekkende overheid zal het beroep op het bedrijfsleven groter moeten worden\u201d, aldus een citaat uit een van de cultuurnota\u2019s van de overheid. Met haar beleid anticipeert Podium Gorter dus actief op het door de landelijke overheid in het vorige decennium ingezette cultuurbeleid.<\/span><\/p>\n<p><span style=\"color: #000000;\">Om bekendheid te geven aan de activiteiten wordt zoveel als mogelijk de publiciteit gezocht. Er wordt o.a. geadverteerd in lokale weekbladen (Balkster Courant en het Sneeker Nieuwsblad) en de zogenoemde \u201cUitservice\u201d in de regionale dagbladen. Daarnaast wordt in deze bladen ook d.m.v. regelmatige persberichten aandacht gevraagd voor de activiteiten.<\/span><\/p>\n<p><span style=\"color: #000000;\">Op de eigen website worden de activiteiten uiteraard ook bekend gemaakt en is het laatste (activiteiten-) nieuws te volgen. De website wordt steeds onderhouden en per jaar aangepast aan de voor de programmering en publicaties afgesproken kleurstelling.<\/span><\/p>\n<p><span style=\"color: #000000;\">Ook via sociale netwerken wordt het programma aangekondigd. Posters en flyers worden verspreid in de directe omgeving en er is een speciale reclamekast in Balk waarin het programma onder de aandacht wordt gebracht.<\/span><\/p>\n<p _msttexthash=\"49290007\" _msthash=\"888\"><span style=\"color: #000000;\">In nauwe samenwerking met NUT Gaasterl\u00e2n-Sleat en Muziek aan de Luts is Warmtenet Balk <\/span><span style=\"color: #000000;\">i.o. bereid gevonden een muurkrant beschikbaar te stellen Hier worden steeds de op handen zijnde voorstellingen aangekondigd en men kan met een QR code direct kaartjes bestellen.<\/span><\/p>\n<p><span style=\"color: #000000;\">De kaartverkoop verloopt digitaal via een derde partij en dat bevalt prima. In de praktijk blijkt dat een enkele, vaak oudere, gast moeite heeft met het digitaal bestellen van kaartjes We bieden voor hen de mogelijkheid deze kaartjes via het bestuur te bestellen.<\/span><\/p>\n<p><span style=\"color: #000000;\">De in seizoen 2023-2024 opgerichte club Vrienden van Podium Gorter is een doorslaand succes. Speciaal voor de Vrienden wordt in de zomer een avond georganiseerd. Tijdens deze avond wordt het nieuwe programma gepresenteerd en treedt er een artiest op die ook voor het aankomend seizoen geprogrammeerd is. De Vrienden kunnen als eerste ook kaartjes voor de verschillende voorstellingen kopen. Een en ander brengt wel de nodige extra administratieve rompslomp met zich mee. Een van onze bestuursleden heeft deze taak op zich genomen.<\/span><\/p>\n<h3 _msttexthash=\"49290007\" _msthash=\"888\"><span style=\"color: #000000;\">Actuele situatie<\/span><\/h3>\n<p><span style=\"color: #000000;\">Het negende seizoen van Podium Gorter ligt bijna achter ons. We weten ondertussen dat een gevarieerd programma zeer wordt gewaardeerd en dat er daarin tevens ook aandacht moet zijn voor uitingen in de \u2018Fryske taal en kultuer\u2019. De afgelopen seizoenen waren ronduit zeer succesvol te noemen. 85 % van alle voorstellingen was in een vroeg stadium al uitverkocht terwijl het aanbod van het aantal voorstellingen t.o.v. de start van PG (meer dan) is verdubbeld.<\/span><\/p>\n<p><span style=\"color: #000000;\">Samenwerking met andere instellingen wordt ook op prijs gesteld en geeft tevens ingang tot nieuwe inzichten en activiteiten. Een goed voorbeeld is de samenwerking met het HWG (Histoarysk Wurkferb\u00e2n Gaasterl\u00e2n). In de jaarlijkse \u2018Maand van de Geschiedenis\u2019 wordt gezamenlijk een activiteit georganiseerd die past bij het landelijke thema. Dit jaar was de lezing over de opvang van Belgen tijdens WOI in Gaasterland de aanleiding voor een podcast die in december 2024 door de VPRO online is gezet. Niet onvermeld mag blijven dat in de aanloop naar 4\/5 mei er jaarlijks samen met CSG Bogerman Balk een voorstelling wordt georganiseerd over de Tweede Wereldoorlog met een link naar heden. Opdat we leren en niet vergeten.<\/span><\/p>\n<p><span style=\"color: #000000;\">Uiteraard is er ook aandacht voor po\u00ebzie. Dat zijn we onze naamgever min of meer verschuldigd. In ieder geval wordt er daarom tijdens de Nationale Po\u00ebzieweek een passende activiteit georganiseerd.<\/span><\/p>\n<p><span style=\"color: #000000;\">Terugkijkend kan gesteld worden dat tot nu toe ruimschoots aan de verwachtingen en doelstellingen van de stichting is voldaan. Over het algemeen worden de voorstellingen erg goed bezocht en in de wandelgangen worden veel complimenten geuit. Het blijft echter een doorlopend proces om een goed programma samen te kunnen stellen en de mensen op een prettige en laagdrempelige manier te blijven ontvangen. Het is daarom belangrijk kritisch te blijven, ogen en oren open te houden en altijd bereid te zijn het gesprek aan te gaan.<\/span><\/p>\n<p><span style=\"color: #000000;\">Podium Gorter blijft ruimdenkend in haar beperking en ruimhartig in haar keuzes.<\/span><\/p>\n<h3><span style=\"color: #000000;\">Activiteiten van de organisatie<\/span><\/h3>\n<p><span style=\"color: #000000;\">Voor de toekomst zijn de activiteiten als volgt samen te vatten:<\/span><\/p>\n<ul>\n<li><span style=\"color: #000000;\">Het samenstellen van een veelzijdig en afwisselend programma, waarbij de doelstelling van de stichting voorop staat.<\/span><\/li>\n<li><span style=\"color: #000000;\">De activiteiten worden met name in de winterperiode (oktober\/april)<\/span><\/li>\n<li><span style=\"color: #000000;\">Het handhaven van de laagdrempeligheid. Hierbij moet worden gekeken naar de toegangsprijzen, maar zeker ook naar de manier waarop Podium Gorter het publiek tegemoet treedt. Vriendelijk en zonder kapsones, ruimhartig en ruimdenkend.<\/span><\/li>\n<li><span style=\"color: #000000;\">Werken aan een zo publieksvriendelijk mogelijke zaal binnen de beperkende context van het kerkgebouw.<\/span><\/li>\n<\/ul>\n<h1><span style=\"color: #000000;\">Bestuur en uitvoering<\/span><\/h1>\n<ul>\n<li><span style=\"color: #000000;\">Het bestuur van Podium Gorter bestaat momenteel uit de volgende 7 personen:<\/span>\n<ul>\n<li><span style=\"color: #000000;\">Anne Herrema (voorzitter), Balk<\/span><\/li>\n<li><span style=\"color: #000000;\">F\u00eadde Bergsma (secretaris), Ruigahuizen<\/span><\/li>\n<li><span style=\"color: #000000;\">Jannie Haantjes (penningmeester), Balk<\/span><\/li>\n<li><span style=\"color: #000000;\">Attie Wobbes (lid), Wijckel<\/span><\/li>\n<li><span style=\"color: #000000;\">Anneke Trinks (lid), Balk<\/span><\/li>\n<li><span style=\"color: #000000;\">Tineke Dijkman (lid), Wijckel<\/span><\/li>\n<li><span style=\"color: #000000;\">Sipke Miedema (lid), Balk<\/span><\/li>\n<\/ul>\n<\/li>\n<\/ul>\n<p><span style=\"color: #000000;\">Financi\u00ebn worden verworven d.m.v. de toegangsgelden, subsidie, bijdragen van verschillende fondsen, sponsoring en de bijdrage van de Vriendenclub .<\/span><\/p>\n<p><span style=\"color: #000000;\">Er wordt een financi\u00eble buffer gehanteerd van minimaal \u20ac 5.000,&#8211;. Deze buffer wordt alleen aangewend bij financi\u00eble tegenvallers.<\/span><\/p>\n<ul>\n<li><span style=\"color: #000000;\">Podium Gorter staat als stichting ingeschreven bij de Kamer van Koophandel, onder nummer 65760972.<\/span><\/li>\n<li><span style=\"color: #000000;\">Podium Gorter is een zogenoemde ANBI instelling <strong>RSIN : 856.248.812<\/strong><strong>.<\/strong><\/span><\/li>\n<li><span style=\"color: #000000;\">Podium Gorter is een door Fonds Podium Kunsten erkende organisatie.<\/span><\/li>\n<\/ul>\n<p><span style=\"color: #000000;\"><strong>(Post) Adres: <\/strong>Stichting Podium Gorter,<br \/><\/span><span style=\"color: #000000;\">Raadhuisstraat 27, 8561 BH Balk<\/span><\/p>\n<p><span style=\"color: #000000;\"><strong>Email:\u00a0\u00a0 podiumgorter@hotmail.co\u00a0 \u00a0 \u00a0 <\/strong><\/span><span style=\"color: #000000;\">Tel. secretariaat:\u00a0 \u00a0 \u00a0 \u00a0 \u00a0++31654694755\u00a0 \u00a0 \u00a0 \u00a0 \u00a0 <\/span><span style=\"color: #000000;\">Tel. programmeur\u00a0\u00a0\u00a0\u00a0\u00a0\u00a0 ++31628124973<\/span><\/p>\n<p><span style=\"color: #000000;\"><strong>Website:<\/strong><strong>\u00a0\u00a0\u00a0\u00a0\u00a0\u00a0\u00a0\u00a0\u00a0\u00a0\u00a0\u00a0\u00a0\u00a0\u00a0\u00a0\u00a0\u00a0\u00a0\u00a0 <\/strong><a href=\"http:\/\/www.podiumgorter.nl\/\" style=\"color: #000000;\">www.podiumgorter.nl<\/a>.<\/span><\/p>\n<h1><span style=\"color: #000000;\">BijlageI<br \/>Sponsoren, fondsen en subsidiepartners<\/span><\/h1>\n<h3><span style=\"color: #000000;\">\u00a0<\/span><span style=\"color: #000000;\">Sponsoren:<\/span><\/h3>\n<ul>\n<li><span style=\"color: #000000;\">myVAYA<\/span><span style=\"color: #000000;\"><br \/><\/span><\/li>\n<li><span style=\"color: #000000;\">Rabobank (ledenacties)<\/span><\/li>\n<li><span style=\"color: #000000;\">Steegenga Mode<\/span><\/li>\n<li><span style=\"color: #000000;\">Vrienden van Podium Gorter<\/span><\/li>\n<\/ul>\n<h3><span style=\"color: #000000;\">Fondsen:<\/span><\/h3>\n<ul>\n<li><span style=\"color: #000000;\">Stichting Jonkvrouwe E.J. Bas Backer<\/span><\/li>\n<li><span style=\"color: #000000;\">Emmaplein Foundation<\/span><\/li>\n<li><span style=\"color: #000000;\">Fonds Podiumkunsten<\/span><\/li>\n<\/ul>\n<h3><span style=\"color: #000000;\">Subsidiepartners:<\/span><\/h3>\n<ul>\n<li><span style=\"color: #000000;\">Gemeente de Fryske Marren<\/span><\/li>\n<li><span style=\"color: #000000;\">Iepen Mienskipsf\u00fbns<\/span><\/li>\n<li><span style=\"color: #000000;\">Provincie Frysl\u00e2n<\/span><\/li>\n<\/ul>\n<p><span style=\"color: #000000;\"><a href=\"#_ftnref1\" name=\"_ftn1\" style=\"color: #000000;\"><\/a><\/span><span style=\"color: #000000;\"><\/span><\/p>\n<p>[\/et_pb_text][\/et_pb_column][\/et_pb_row][\/et_pb_section][et_pb_section fb_built=&#8221;1&#8243; _builder_version=&#8221;4.16&#8243; background_color=&#8221;rgba(202,247,0,0.56)&#8221; global_colors_info=&#8221;{}&#8221;][et_pb_row _builder_version=&#8221;4.27.4&#8243; global_colors_info=&#8221;{}&#8221;][et_pb_column type=&#8221;4_4&#8243; _builder_version=&#8221;4.16&#8243; custom_padding=&#8221;|||&#8221; global_colors_info=&#8221;{}&#8221; custom_padding__hover=&#8221;|||&#8221;][et_pb_text _builder_version=&#8221;4.27.4&#8243; text_text_color=&#8221;#000000&#8243; global_colors_info=&#8221;{}&#8221;]<\/p>\n<p><strong>Jaarverslag 2024-2025<\/strong><\/p>\n<p>We kunnen er kort over zijn, het seizoen 2025-2026 is voor Podium Gorter zeersuccesvol verlopen.<\/p>\n<p>Nog nooit waren er zoveel voorstellingen uitverkocht. Het zeer gevarieerde programma trok veel bezoekers, uit de regio en daarbuiten waaronder veel bezoekers die we nog niet eerder bij ons Podium mochten begroeten.<br \/>Velen van hen toonden hun enthousiasme en betrokkenheid door zich aan te melden als Vriend van Podium Gorter. Tijdens een speciale vriendenavond bespreken we hoeverre we hen ook kunnen vragen als ambassadeurs voor ons podium p te treden en wellicht willen een aantal van hen ook actief mee doen bij verschillende projecten.<\/p>\n<p>Op deze vriendenavond presenteren wij hen het nieuwe programma en bieden de gelegenheid als eersten kaarten te boeken. Met ons boekingsbureau Tiqq hebben we afspraken gemaakt om bestellingen in goede banden te leiden.<\/p>\n<p>Dachten we het succes van het seizoen 23\/24 niet te kunnen overtreffen, het tegendeel was waar. Van de 20 voorstellingen waren er 16 uitverkocht. Voor ons doen \u2018Grote\u2019 artiesten als Joep van Deudekom en Rob Urgert, Maaike Ouboter en de Five Great Guitars vonden hun weg naar Balk en zorgden voor een volle zaal. Maar dat gold bijvoorbeeld ook voor regionale artiesten als Frisicana V en Gerbrich van Dekken. Ook lezingen zijn populair. Een uitverkocht huis tijdens de lezing van Kees Bangma over Friesland en de Belgen tijdens de Eerste Wereldoorlog.<\/p>\n<p>Wij willen de bijdragen van onze sponsors in deze niet onbenoemd laten, mede dankzij de steun van o.a. Fonds Podiumkunsten, Gemeente De Fryske Marren, Stichting Bas Backer en de bedrijven Lutz, AVK en Spaans Babcock met daarnaast een reeks adverteerders in ons programmaboekje, is onze financi\u00eble positie gezond te noemen.<br \/>Mede daardoor kunnen we een interessant programma aanbieden terwijl we ons uitgangspunt dat we de toegangsbewijzen betaalbaar willen houden voor een breed publiek en dus lukt het de maximum entreeprijs van \u20ac 20,00 te handhaven.<\/p>\n<p>Ook afgelopen seizoen is er weer samengewerkt met verschillende instanties. Tijdens de maand van de Geschiedenis is er een lezing i.s.m. het Histoarysk Wurkferb\u00e2n Gaasterl\u00e2n. Met de AF\u00dbK is er tijdens de Fryske Boekewike weer aandacht geschonken aan het Friese boek en de Friese auteurs. Dit keer verzorgde Meindert Talma een zeer geslaagde middag met stukken uit zijn nieuwe boek en muziek. Dit alles ondersteund met mooie beelden. De samenwerking met de middelbare school CSG Bogerman te Balk verliep uitstekend en is inmiddels een jaarlijkse traditie. In de aanloop naar 4\/5 mei programmeren wij een voorstelling over de Tweede Wereldoorlog met een link naar het heden. Een jonger publiek bij ons podium te betrekken is en blijft een uitdaging.<br \/>Leuk te vermelden dat er dit seizoen voor het eerst een stagiair van CSG Bogerman meeliep bij verscheidene voorstellingen. Hij bood hulp bij de techniek, hielp bij de ontvangst van het publiek en bij alle andere voorkomende klussen. Een geslaagde stage. \u2018Eus\u2019 bood zelfs aan een positieve bijdrage voor het stageverslag te schrijven.<\/p>\n<p>De samenwerking met het kerkbestuur, eigenaar van het gebouw, verloopt prima. Twee keer per jaar is er overleg tussen de twee besturen en worden zo nodig puntjes op de i gezet. Zo is een verrijdbaar horecasysteem geplaatst. Een prachtige en vooral erg handige bar\/balie waarmee we onze bezoekers goed van dienst kunnen zijn en die het organisatorisch een stuk eenvoudiger maakt voor de vrijwilligers. Het heen en weer gesleep met voorraden is hiermee verleden tijd.<\/p>\n<p>Een ander aandachtspunt was het plaatsen van een cultuuragenda met de verschillende podiuminitiatieven in Balk e.o. Inmiddels is er in het centrum een beeldscherm geplaatst waarmee alle (culturele) activiteiten onder de aandacht worden gebracht.<br \/>Onze voorstellingen brachten wij ook dit seizoen weer onder de aandacht via de sociale media, poster, folders en de regionale pers. Het plaatsen van advertenties was vaak niet nodig omdat veel voorstellingen al vroegtijdig waren uitverkocht. Podium Gorter is ook deelnemer aan het UIT-festival dat sinds enkele jaren in het centrum van Balk wordt georganiseerd. Een leuke gelegenheid om nog meer mensen kennis te laten nemen met ons podium.<\/p>\n<p>We blijven het publiek en de artiesten gastvrij en zonder kapsones ontvangen. Ruimdenkend in onze beperkingen en ruimhartig in onze keuzes. Dat bevalt tot nu toe goed dus blijven we dat zo doen.<\/p>\n<p>Terugblikkend en vooruitkijkend kunnen we concluderen dat we goed bezig zijn en dat we er aan blijven werken het niveau niet alleen te handhaven maar zo mogelijk ook nog te verbeteren.<\/p>\n<p>&nbsp;<\/p>\n<p>[\/et_pb_text][\/et_pb_column][\/et_pb_row][\/et_pb_section]<\/p>\n","protected":false},"excerpt":{"rendered":"<p>Programma 2026-2027 is in de maak!\u00a0\u00a0 &nbsp; Wilt u op de hoogte gehouden worden?Stuur een mailtje naar: podiumgorter@hotmail.comVervolgens ontvangt u onze nieuwsbrieven via de mail &nbsp;Even Voorstellen In mei 2016 is Stichting Podium Gorter opgericht door een groep enthousiaste mensen. Het idee om deze stichting op te richten ontstond tijdens de opening van een grondig [&hellip;]<\/p>\n","protected":false},"author":1,"featured_media":0,"parent":0,"menu_order":0,"comment_status":"closed","ping_status":"open","template":"","meta":{"_et_pb_use_builder":"on","_et_pb_old_content":"","_et_gb_content_width":"","footnotes":""},"class_list":["post-2","page","type-page","status-publish","hentry"],"_links":{"self":[{"href":"https:\/\/podiumgorter.nl\/index.php\/wp-json\/wp\/v2\/pages\/2","targetHints":{"allow":["GET"]}}],"collection":[{"href":"https:\/\/podiumgorter.nl\/index.php\/wp-json\/wp\/v2\/pages"}],"about":[{"href":"https:\/\/podiumgorter.nl\/index.php\/wp-json\/wp\/v2\/types\/page"}],"author":[{"embeddable":true,"href":"https:\/\/podiumgorter.nl\/index.php\/wp-json\/wp\/v2\/users\/1"}],"replies":[{"embeddable":true,"href":"https:\/\/podiumgorter.nl\/index.php\/wp-json\/wp\/v2\/comments?post=2"}],"version-history":[{"count":1407,"href":"https:\/\/podiumgorter.nl\/index.php\/wp-json\/wp\/v2\/pages\/2\/revisions"}],"predecessor-version":[{"id":6401,"href":"https:\/\/podiumgorter.nl\/index.php\/wp-json\/wp\/v2\/pages\/2\/revisions\/6401"}],"wp:attachment":[{"href":"https:\/\/podiumgorter.nl\/index.php\/wp-json\/wp\/v2\/media?parent=2"}],"curies":[{"name":"wp","href":"https:\/\/api.w.org\/{rel}","templated":true}]}}