{"id":3356,"date":"2022-10-05T11:14:32","date_gmt":"2022-10-05T11:14:32","guid":{"rendered":"https:\/\/podiumgorter.nl\/?post_type=project&#038;p=3356"},"modified":"2023-07-04T18:25:28","modified_gmt":"2023-07-04T18:25:28","slug":"afuk","status":"publish","type":"project","link":"https:\/\/podiumgorter.nl\/index.php\/project\/afuk\/","title":{"rendered":"AFUK"},"content":{"rendered":"<p>[et_pb_section fb_built=&#8221;1&#8243; _builder_version=&#8221;4.18.0&#8243; background_color=&#8221;#8300e9&#8243; background_image=&#8221;https:\/\/podiumgorter.nl\/wp-content\/uploads\/2019\/01\/background-gorter-website.jpg&#8221; background_blend=&#8221;multiply&#8221; filter_contrast=&#8221;157%&#8221; locked=&#8221;off&#8221; global_colors_info=&#8221;{}&#8221;][et_pb_row column_structure=&#8221;1_2,1_2&#8243; _builder_version=&#8221;4.17.4&#8243; global_colors_info=&#8221;{}&#8221;][et_pb_column type=&#8221;1_2&#8243; _builder_version=&#8221;4.16&#8243; global_colors_info=&#8221;{}&#8221;][et_pb_text _builder_version=&#8221;4.18.0&#8243; global_colors_info=&#8221;{}&#8221;]<\/p>\n<h1><span style=\"color: #ffffff;\"><strong>Zondag 6 november 2022<br \/><\/strong><strong>Aanvang 15.30 uur-18.00 uur<\/strong><\/span><br \/><span style=\"color: #ffffff;\"><strong>Entree Gratis<\/strong><\/span><\/h1>\n<p>[\/et_pb_text][et_pb_image src=&#8221;https:\/\/podiumgorter.nl\/wp-content\/uploads\/2022\/10\/Foto-Gurbe-Douwstra.jpg&#8221; title_text=&#8221;Foto Gurbe Douwstra&#8221; _builder_version=&#8221;4.18.0&#8243; _module_preset=&#8221;default&#8221; width=&#8221;65%&#8221; global_colors_info=&#8221;{}&#8221;][\/et_pb_image][et_pb_image src=&#8221;https:\/\/podiumgorter.nl\/wp-content\/uploads\/2022\/10\/Foto-Ferdinand-de-Jong.jpg&#8221; title_text=&#8221;Foto Ferdinand de Jong&#8221; _builder_version=&#8221;4.18.0&#8243; _module_preset=&#8221;default&#8221; width=&#8221;65%&#8221; global_colors_info=&#8221;{}&#8221;][\/et_pb_image][\/et_pb_column][et_pb_column type=&#8221;1_2&#8243; _builder_version=&#8221;4.16&#8243; global_colors_info=&#8221;{}&#8221;][et_pb_text _builder_version=&#8221;4.18.0&#8243; global_colors_info=&#8221;{}&#8221;]<\/p>\n<h1 style=\"text-align: center;\"><span style=\"color: #ffffff;\"><strong>Gurbe Douwstra<br \/><\/strong><strong>&amp;<\/strong><\/span><br \/><span style=\"color: #ffffff;\"><strong>Ferdinand de Jong<\/strong><\/span><\/h1>\n<p>[\/et_pb_text][et_pb_text _builder_version=&#8221;4.18.0&#8243; _module_preset=&#8221;default&#8221; global_colors_info=&#8221;{}&#8221;]<\/p>\n<p style=\"text-align: center;\"><span style=\"color: #ffffff;\"><strong>\u2018Ferdinand de Jong en Gurbe Douwstra sille yn de Fryske Boekewike (29\/10 o\/m 6\/11) tegearre mei in programma op \u2019n paad. Yn in pear oeren swalkje se de wr\u00e2ld oer. Fan Nova Scotia, fia de Cliffs of Moher nei it uterste noarden fan Sibeari\u00eb en keare \u00fateinlik werom nei Frysl\u00e2n. In libbensreis yn ferhalen en muzyk\u2019. \u00a0\u00a0<\/strong><\/span><\/p>\n<p style=\"text-align: center;\"><span style=\"color: #ffffff;\">\u00a0It programma duorret twa kear 45 minuten mei in healoere skoft. D\u00earnei is der noch romte foar in drankje en kinne minsken boeken keapje by de boeketafel. By besteging fan \u20ac 15,00 krije minsken it kadoboekje: \u2018De oarloch fan Jan Snip\u2019 fan Ferdinand de Jong der fergees by.<\/span><\/p>\n<p style=\"text-align: center;\"><span style=\"color: #ffffff;\"><strong><br \/>In de pauze is er gelegenheid voor een bierproeverij tegen een kleine vergoeding.<br \/>Geniet van:\u00a0<\/strong><\/span><br \/><span style=\"color: #ffffff;\"><strong>&#8216;Een lichte preek&#8217;<\/strong><\/span><br \/><span style=\"color: #ffffff;\"><strong>&#8216;De Alderling&#8217;<\/strong><\/span><br \/><span style=\"color: #ffffff;\"><strong>of<\/strong><\/span><br \/><span style=\"color: #ffffff;\"><strong>&#8216;De Swiere D\u00fbmny&#8217;.<\/strong><\/span><\/p>\n<p style=\"text-align: center;\"><span style=\"color: #ffffff;\"><strong>Deze voorstelling wordt u aangeboden i.s.m.:\u00a0<\/strong><\/span><\/p>\n<p>[\/et_pb_text][et_pb_image src=&#8221;https:\/\/podiumgorter.nl\/wp-content\/uploads\/2022\/08\/Afuk-logo.jpg&#8221; title_text=&#8221;Afuk logo&#8221; align=&#8221;center&#8221; _builder_version=&#8221;4.18.0&#8243; _module_preset=&#8221;default&#8221; width=&#8221;14%&#8221; global_colors_info=&#8221;{}&#8221;][\/et_pb_image][\/et_pb_column][\/et_pb_row][\/et_pb_section]<\/p>\n","protected":false},"excerpt":{"rendered":"<p>Zondag 6 november 2022Aanvang 15.30 uur-18.00 uurEntree GratisGurbe Douwstra&amp;Ferdinand de Jong\u2018Ferdinand de Jong en Gurbe Douwstra sille yn de Fryske Boekewike (29\/10 o\/m 6\/11) tegearre mei in programma op \u2019n paad. Yn in pear oeren swalkje se de wr\u00e2ld oer. Fan Nova Scotia, fia de Cliffs of Moher nei it uterste noarden fan Sibeari\u00eb en [&hellip;]<\/p>\n","protected":false},"author":3,"featured_media":0,"comment_status":"open","ping_status":"closed","template":"","meta":{"_et_pb_use_builder":"on","_et_pb_old_content":"","_et_gb_content_width":"","footnotes":""},"project_category":[14],"project_tag":[],"class_list":["post-3356","project","type-project","status-publish","hentry","project_category-geweest"],"_links":{"self":[{"href":"https:\/\/podiumgorter.nl\/index.php\/wp-json\/wp\/v2\/project\/3356","targetHints":{"allow":["GET"]}}],"collection":[{"href":"https:\/\/podiumgorter.nl\/index.php\/wp-json\/wp\/v2\/project"}],"about":[{"href":"https:\/\/podiumgorter.nl\/index.php\/wp-json\/wp\/v2\/types\/project"}],"author":[{"embeddable":true,"href":"https:\/\/podiumgorter.nl\/index.php\/wp-json\/wp\/v2\/users\/3"}],"replies":[{"embeddable":true,"href":"https:\/\/podiumgorter.nl\/index.php\/wp-json\/wp\/v2\/comments?post=3356"}],"version-history":[{"count":21,"href":"https:\/\/podiumgorter.nl\/index.php\/wp-json\/wp\/v2\/project\/3356\/revisions"}],"predecessor-version":[{"id":3448,"href":"https:\/\/podiumgorter.nl\/index.php\/wp-json\/wp\/v2\/project\/3356\/revisions\/3448"}],"wp:attachment":[{"href":"https:\/\/podiumgorter.nl\/index.php\/wp-json\/wp\/v2\/media?parent=3356"}],"wp:term":[{"taxonomy":"project_category","embeddable":true,"href":"https:\/\/podiumgorter.nl\/index.php\/wp-json\/wp\/v2\/project_category?post=3356"},{"taxonomy":"project_tag","embeddable":true,"href":"https:\/\/podiumgorter.nl\/index.php\/wp-json\/wp\/v2\/project_tag?post=3356"}],"curies":[{"name":"wp","href":"https:\/\/api.w.org\/{rel}","templated":true}]}}